{"id":10880,"date":"2023-08-04T15:34:08","date_gmt":"2023-08-04T13:34:08","guid":{"rendered":"https:\/\/www.strafrecht.de\/?page_id=10880"},"modified":"2025-08-22T13:08:17","modified_gmt":"2025-08-22T11:08:17","slug":"mandanten","status":"publish","type":"page","link":"https:\/\/www.strafrecht.de\/de\/mandanten\/","title":{"rendered":"Datenschutzinformation Mandanten"},"content":{"rendered":"\t\t<div data-elementor-type=\"wp-page\" data-elementor-id=\"10880\" class=\"elementor elementor-10880\" data-elementor-post-type=\"page\">\n\t\t\t\t\t\t<section class=\"elementor-section elementor-top-section elementor-element elementor-element-4b2f30a elementor-section-boxed elementor-section-height-default elementor-section-height-default\" data-id=\"4b2f30a\" data-element_type=\"section\" data-e-type=\"section\">\n\t\t\t\t\t\t<div class=\"elementor-container elementor-column-gap-default\">\n\t\t\t\t\t<div class=\"elementor-column elementor-col-100 elementor-top-column elementor-element elementor-element-6f625852\" data-id=\"6f625852\" data-element_type=\"column\" data-e-type=\"column\">\n\t\t\t<div class=\"elementor-widget-wrap elementor-element-populated\">\n\t\t\t\t\t\t<div class=\"elementor-element elementor-element-8cb3c57 elementor-widget elementor-widget-text-editor\" data-id=\"8cb3c57\" data-element_type=\"widget\" data-e-type=\"widget\" data-widget_type=\"text-editor.default\">\n\t\t\t\t<div class=\"elementor-widget-container\">\n\t\t\t\t\t\t\t\t\t<h1>Datenschutzinformation f\u00fcr Mandanten<\/h1><p>Wir, Wessing &amp; Partner Rechtsanw\u00e4lte mbB (nachfolgend: \u201ewir\u201c oder \u201eWessing &amp; Partner\u201c) freuen uns \u00fcber Ihr Interesse an unserer Beratungst\u00e4tigkeit. Ihre Privatsph\u00e4re ist f\u00fcr uns ein wichtiges Anliegen. Wir nehmen den Schutz Ihrer personenbezogenen Daten und deren vertrauliche Behandlung sehr ernst. Nachfolgend informieren wir Sie \u00fcber die Verarbeitung Ihrer personenbezogenen Daten im Rahmen unserer Beratungst\u00e4tigkeit und \u00fcber Ihre Datenschutzrechte.<\/p><h5>\u00a0<strong style=\"color: var( --e-global-color-primary ); font-family: var( --e-global-typography-primary-font-family ), Sans-serif; font-size: 1.25rem;\">1.\u00a0<\/strong><b style=\"color: var( --e-global-color-primary ); font-family: var( --e-global-typography-primary-font-family ), Sans-serif; font-size: 1.25rem;\">Verantwortlicher<\/b><\/h5><p>Wessing &amp; Partner Rechtsanw\u00e4lte mbB <br \/>Rathausufer 16-17<br \/>40213 D\u00fcsseldorf<br \/>vertretungsberechtigte Rechtsanw\u00e4lte: Prof. Dr. J\u00fcrgen Wessing, Dr. med. Helga Wessing, Prof. Dr. Heiko Ahlbrecht, Dr. Matthias Dann, LL.M. (University of Edinburgh), Dipl.-Fw. Rainer Biesgen, Dr. Eren Basar<br \/>Tel.: +49 (0)211\/168 44-0<br \/>Fax: +49 (0)211\/168 44-444<br \/>E-Mail: info@strafrecht.de<br \/>Website: www.strafrecht.de\u00a0<\/p><p>Sollten Sie Fragen oder Anregungen zum Datenschutz haben, k\u00f6nnen Sie sich gerne an uns wenden.<\/p><p><u>Unsere Datenschutzbeauftragte erreichen Sie wie folgt:<br \/><\/u>Wessing &amp; Partner Rechtsanw\u00e4lte mbB<br \/>z. Hd. der Datenschutzbeauftragten<br \/>Rathausufer 16-17<br \/>40213 D\u00fcsseldorf<br \/>datenschutz@strafrecht.de\u00a0<\/p><h5><strong>2.\u00a0<\/strong><b>Datenkategorien<\/b><\/h5><p>Im Rahmen unserer Beratungst\u00e4tigkeit verarbeiten wir folgende personenbezogene Daten:<\/p><ul><li>Kontaktdaten: Anrede, Titel, Vor- und Nachname, E-Mail-Adresse, Privat- und\/oder B\u00fcro-Anschrift, Telefonnummern (Festnetz und Mobil, privat und beruflich), Geburtsdatum sowie Nationalit\u00e4t(en)<\/li><li>Beratungsdaten: Informationen, die f\u00fcr die Geltendmachung und Verteidigung Ihrer Rechte im Rahmen des Mandats notwendig sind.<\/li><li>T\u00e4tigkeitsdaten: Beratungsdokumentation, Leistungsnachweise, Abrechnungen<\/li><li>Ggf. Daten \u00fcber strafrechtliche Verurteilungen und\/oder Straftaten direkt von Ihnen (Art. 10 DSGVO)<\/li><li>Ggf. besondere Kategorien personenbezogener Daten (vgl. Art. 9 Abs. 1 DSGVO: rassische oder ethnische Herkunft, politische Meinungen, religi\u00f6se oder weltanschauliche \u00dcberzeugungen oder Gewerkschaftszugeh\u00f6rigkeit, genetische und biometrische Daten, Gesundheitsdaten, Daten zum Sexualleben oder der sexuellen Orientierung), soweit dies im Rahmen Ihrer Beratung und Vertretung erforderlich ist. Dies ist insbesondere dann der Fall, wenn diese Daten in Beh\u00f6rdenakten enthalten sind, die den Gegenstand der Beratung ber\u00fchren.<\/li><li>Ggf. Online-Meeting-Daten: Daten im Zusammenhang mit Online-Meetings, wie beispielsweise Nutzerdaten, Audio- und Videodaten, Beitr\u00e4ge und von Ihnen w\u00e4hrend des Meetings geteilte Inhalte. Bitte beachten Sie insoweit unsere Datenschutzinformationen f\u00fcr Teilnehmer an Online-Meetings \u00fcber die Plattform Zoom.<\/li><\/ul><h5><strong>3.\u00a0<\/strong><b>Zwecke und Rechtsgrundlagen<\/b><\/h5><p><b>a. Vorbereitung und Durchf\u00fchrung unserer Beratungst\u00e4tigkeit<\/b><\/p><p>Wir verarbeiten personenbezogene Daten, wenn dies f\u00fcr die Vorbereitung und Durchf\u00fchrung unserer Beratungst\u00e4tigkeit f\u00fcr Sie erforderlich ist. Die Verarbeitung erfolgt insbesondere, um Sie als unsere(n) Mandanten\/Mandantin identifizieren zu k\u00f6nnen, Sie angemessen anwaltlich beraten und vertreten zu k\u00f6nnen, mit Ihnen kommunizieren zu k\u00f6nnen sowie zur Rechnungsstellung.<\/p><p>Die Datenverarbeitung erfolgt auf Basis des Artikels 6 Absatz 1 Buchstabe b) bzw. Buchstabe f) DSGVO. Wir verfolgen dabei das Interesse, unsere vertraglichen und gesetzlichen Pflichten gegen\u00fcber Mandanten und betroffenen Personen zu erf\u00fcllen.<\/p><p><b>b. Erf\u00fcllung von rechtlichen Verpflichtungen<\/b><\/p><p>Wir verarbeiten personenbezogene Daten auch, um gesetzliche Verpflichtungen, denen wir unterliegen, einzuhalten. Soweit wir unsere T\u00e4tigkeit als Datenschutzbeauftragte wahrnehmen, erfolgt die Datenverarbeitung aufgrund unserer gesetzlichen Aufgaben aus Artikel 38 Absatz 4 und Artikel 39 DSGVO. Weitere Verpflichtungen k\u00f6nnen sich z.B. aus dem Handels-, dem Steuer-, dem Geldw\u00e4sche-, dem Finanz- oder dem Strafrecht ergeben. Die Zwecke der Verarbeitung ergeben sich dabei aus der jeweiligen gesetzlichen Verpflichtung; die Verarbeitung dient in diesen F\u00e4llen in der Regel dem Zweck, staatlichen Kontroll- und Auskunftspflichten nachzukommen.<\/p><p>Die Datenverarbeitung erfolgt dabei auf Basis des Artikels 6 Absatz 1 Buchstabe c) DSGVO.<\/p><p><b>c. Berechtigte Interessen<\/b>\u00a0<\/p><p>Wir verarbeiten Ihre personenbezogenen Daten ggf. auch zur Wahrung unserer berechtigten Interessen. Dabei verfolgen wir das Interesse, evtl. vorliegende Haftungsanspr\u00fcche abzuwehren sowie etwaige Anspr\u00fcche gegen Sie geltend zu machen.<\/p><p>Eine solche Datenverarbeitung aufgrund einer Interessensabw\u00e4gung erfolgt auf Basis des Artikels 6 Absatz 1 Buchstabe f) DSGVO, wobei wir Sie insoweit stets auf die von uns verfolgten berechtigten Interessen hinweisen.<\/p><h5><b>4. Pflicht zur Bereitstellung<\/b><\/h5><p>Sie sind nicht verpflichtet, uns personenbezogene Daten bereitzustellen. Allerdings ist je nach Einzelfall die Bereitstellung bestimmter personenbezogener Daten f\u00fcr eine Beratung erforderlich. Wenn Sie uns diese personenbezogenen Daten nicht bereitstellen, kann es sein, dass wir keine Beratung werden durchf\u00fchren k\u00f6nnen.<\/p><h5><b>5. Quellen<\/b><\/h5><p>Neben der Direkterhebung k\u00f6nnen wir personenbezogene Daten im Rahmen der Vorbereitung und Durchf\u00fchrung unserer Beratungst\u00e4tigkeit auch von Beh\u00f6rden (z. B. Gerichten, Staatsanwaltschaften, Polizei) erheben.<\/p><h5><b>6. Empf\u00e4nger personenbezogener Daten<\/b><\/h5><p><u>Interne Empf\u00e4nger:<\/u> Innerhalb von Wessing &amp; Partner haben nur diejenigen Personen Zugriff, die diesen f\u00fcr die unter Ziffer 3. genannten Zwecke ben\u00f6tigen.<\/p><p><u>Externe Empf\u00e4nger:<\/u> Wir geben Ihre personenbezogenen Daten nur dann an externe Empf\u00e4nger weiter, wenn dies f\u00fcr den Ablauf erforderlich ist, eine andere gesetzliche Erlaubnis besteht oder uns hierf\u00fcr Ihre Einwilligung vorliegt. Externe Empf\u00e4nger k\u00f6nnen sein:<\/p><ul><li><u>Auftragsverarbeiter:<\/u> Dienstleister, die wir fu\u0308r die Erbringung von Services einsetzen, beispielsweise in den Bereichen der technischen Infrastruktur und Wartung unserer IT-Systeme.<\/li><li><u>O\u0308ffentliche Stellen:<\/u> Beho\u0308rden und staatliche Institutionen, an die wir aus gesetzlich zwingenden Gru\u0308nden personenbezogene Daten u\u0308bermitteln mu\u0308ssen, sowie Gerichte und andere \u00f6ffentliche Beh\u00f6rden zur Korrespondenz und zur Geltendmachung und Verteidigung Ihrer Rechte.<\/li><li><u>Private Stellen:<\/u> Verfahrensgegner und deren Vertreter, Unternehmen oder Stellen, die f\u00fcr die Mandatsbearbeitung kontaktiert werden, sowie Hilfspersonen, an die Daten auf Basis einer Rechtsgrundlage \u00fcbermittelt werden.\u00a0<\/li><\/ul><h5><b>7. Datenverarbeitung in Drittl\u00e4ndern<\/b><\/h5><p>Wir bedienen uns im Rahmen von IT-Services und IT-Infrastruktur Dienstleister, deren Sitz nicht in der Europ\u00e4ischen Union bzw. im Europ\u00e4ischen Wirtschaftsraum gelegen ist. Hierbei stellen wir au\u00dferhalb von gesetzlich erlaubten Ausnahmef\u00e4llen vor der \u00dcbermittlung sicher, dass beim Empf\u00e4nger entweder ein angemessenes Datenschutzniveau besteht oder geeignete Garantien vorliegen. Sie k\u00f6nnen eine \u00dcbersicht \u00fcber die Empf\u00e4nger in Drittl\u00e4ndern und eine Kopie der geeigneten oder angemessenen Garantien anfragen. Bitte nutzen Sie hierf\u00fcr die Angaben unter Ziffer 1.<\/p><h5><b>8. Speicherdauer<\/b><\/h5><p>Die f\u00fcr die Beratungst\u00e4tigkeit von uns erhobenen personenbezogenen Daten werden nach Ablauf der gesetzlichen Aufbewahrungspflicht f\u00fcr Anw\u00e4lte (6 Jahre nach Ablauf des Kalenderjahres, in dem das Mandat beendet wurde) gel\u00f6scht, es sei denn, dass wir aufgrund von gesetzlichen Aufbewahrungs- und Dokumentationspflichten zu einer l\u00e4ngeren Speicherung verpflichtet sind. In diesem Fall lo\u0308schen wir Ihre personenbezogenen Daten nach Wegfall der gesetzlichen Verpflichtung.<\/p><h5><b>9. Betroffenenrechte<\/b><\/h5><p>Als von der Datenverarbeitung betroffene Person stehen Ihnen zahlreiche Recht zu Verf\u00fcgung. Im Einzelnen:<\/p><p><b>Auskunftsrecht:<\/b> Sie haben das Recht, Auskunft \u00fcber die von uns zu Ihrer Person gespeicherten Daten zu erhalten.<\/p><p><b>Berichtigungs- und L\u00f6schungsrecht:<\/b> Sie k\u00f6nnen von uns die Berichtigung falscher Daten und \u2013 soweit die gesetzlichen Voraussetzungen erf\u00fcllt sind \u2013 L\u00f6schung Ihrer Daten verlangen.<\/p><p><b>Einschr\u00e4nkung der Verarbeitung:<\/b> Sie k\u00f6nnen von uns \u2013 soweit die gesetzlichen Voraussetzungen erf\u00fcllt sind \u2013 verlangen, dass wir die Verarbeitung Ihrer Daten einschr\u00e4nken.<\/p><p><b>Daten\u00fcbertragbarkeit: <\/b>Sollten Sie uns Daten auf Basis eines Vertrages oder Einwilligung bereitgestellt haben, so k\u00f6nnen Sie bei Vorliegen der gesetzlichen Voraussetzungen verlangen, dass Sie die von Ihnen bereitgestellten Daten in einem strukturierten, g\u00e4ngigen und maschinenlesbaren Format erhalten oder dass wir diese an einen anderen Verantwortlichen \u00fcbermitteln.<\/p><p><b>Widerruf von Einwilligung:<\/b> Sofern Sie uns eine Einwilligung f\u00fcr die Verarbeitung Ihrer Daten erteilt haben, k\u00f6nnen Sie diese jederzeit mit Wirkung f\u00fcr die Zukunft widerrufen. Die Rechtm\u00e4\u00dfigkeit der Verarbeitung Ihrer Daten bis zum Widerruf bleibt hiervon unber\u00fchrt.<\/p>\t\t\t\t\t\t\t\t<\/div>\n\t\t\t\t<\/div>\n\t\t\t\t<div class=\"elementor-element elementor-element-d904e94 elementor-widget elementor-widget-text-editor\" data-id=\"d904e94\" data-element_type=\"widget\" data-e-type=\"widget\" data-widget_type=\"text-editor.default\">\n\t\t\t\t<div class=\"elementor-widget-container\">\n\t\t\t\t\t\t\t\t\t<p><b>Widerspruchsrecht<br>Einzelfallbezogenes Widerspruchsrecht:<\/b><\/p>\n<p>Sie haben das Recht, aus Gr\u00fcnden, die sich aus Ihrer besonderen Situation ergeben, jederzeit gegen die Verarbeitung Sie betreffender personenbezogener Daten, die aufgrund von Art. 6 Absatz 1 Buchstaben e) oder f) DSGVO erfolgt, Widerspruch einzulegen; dies gilt auch f\u00fcr ein auf diese Bestimmungen gest\u00fctztes Profiling.<\/p><p>Legen Sie Widerspruch ein, werden wir Ihre personenbezogenen Daten nicht mehr verarbeiten, es sei denn, wir k\u00f6nnen zwingende schutzw\u00fcrdige Gr\u00fcnde f\u00fcr die Verarbeitung nachweisen, die Ihre Interessen, Rechte und Freiheiten \u00fcberwiegen, oder die Verarbeitung dient der Geltendmachung, Aus\u00fcbung oder Verteidigung von Rechtsanspr\u00fcchen.<\/p>\t\t\t\t\t\t\t\t<\/div>\n\t\t\t\t<\/div>\n\t\t\t\t<div class=\"elementor-element elementor-element-43b1f19 elementor-widget elementor-widget-text-editor\" data-id=\"43b1f19\" data-element_type=\"widget\" data-e-type=\"widget\" data-widget_type=\"text-editor.default\">\n\t\t\t\t<div class=\"elementor-widget-container\">\n\t\t\t\t\t\t\t\t\t<p><b>Beschwerderecht bei der Aufsichtsbeh\u00f6rde:<\/b> Sie k\u00f6nnen zudem eine Beschwerde bei einer zust\u00e4ndigen Aufsichtsbeh\u00f6rde einreichen, wenn Sie der Meinung sind, dass die Verarbeitung Ihrer Daten gegen geltendes Recht verst\u00f6\u00dft. Sie k\u00f6nnen sich hierzu z.B. an die Datenschutzbeh\u00f6rde wenden, die f\u00fcr ihren Wohnort, bzw. Ihr Land zust\u00e4ndig ist oder an die f\u00fcr uns zust\u00e4ndige Datenschutzbeh\u00f6rde:<\/p><p>Landesbeauftragte f\u00fcr Datenschutz und Informationsfreiheit Nordrhein-Westfalen<br \/>Kavalleriestr. 2-4<br \/>40213 D\u00fcsseldorf<br \/>Tel.: +49 (0) 211\/38424-0<br \/>Fax: +49 (0) 211\/38424-999<br \/>E-Mail: poststelle@ldi.nrw.de<\/p><p><b>Ihr Kontakt zu uns und die Aus\u00fcbung Ihrer Rechte:<\/b> Sie k\u00f6nnen sich bei Fragen zur Verarbeitung Ihrer personenbezogenen Daten, Ihren Betroffenenrechte und einer etwaigen erteilten Einwilligung unentgeltlich mit uns in Verbindung setzen. Wenden Sie sich zur Aus\u00fcbung aller Ihrer zuvor genannten Rechte bitte postalisch an die oben unter Ziffer 1 angegebene Anschrift oder nutzen Sie die ansonsten dort aufgef\u00fchrten Kontaktdaten.\u00a0<\/p>\t\t\t\t\t\t\t\t<\/div>\n\t\t\t\t<\/div>\n\t\t\t\t\t<\/div>\n\t\t<\/div>\n\t\t\t\t\t<\/div>\n\t\t<\/section>\n\t\t\t\t<\/div>\n\t\t","protected":false},"excerpt":{"rendered":"<p>Datenschutzinformation f\u00fcr Mandanten Wir, Wessing &amp; Partner Rechtsanw\u00e4lte mbB (nachfolgend: \u201ewir\u201c oder \u201eWessing &amp; Partner\u201c) freuen uns \u00fcber Ihr Interesse an unserer Beratungst\u00e4tigkeit. Ihre Privatsph\u00e4re ist f\u00fcr uns ein wichtiges Anliegen. Wir nehmen den Schutz Ihrer personenbezogenen Daten und deren vertrauliche Behandlung sehr ernst. Nachfolgend informieren wir Sie \u00fcber die Verarbeitung Ihrer personenbezogenen Daten im [&hellip;]<\/p>\n","protected":false},"author":6,"featured_media":0,"parent":4872,"menu_order":0,"comment_status":"closed","ping_status":"closed","template":"","meta":{"_acf_changed":false,"footnotes":""},"class_list":["post-10880","page","type-page","status-publish","hentry"],"acf":[],"yoast_head":"<!-- This site is optimized with the Yoast SEO Premium plugin v26.1 (Yoast SEO v27.5) - https:\/\/yoast.com\/product\/yoast-seo-premium-wordpress\/ -->\n<title>Datenschutzerkl\u00e4rung | Wessing &amp; Partner<\/title>\n<meta name=\"description\" content=\"Wir respektieren Ihre Privatsph\u00e4re und verpflichten uns, Ihre personenbezogenen Daten zu sch\u00fctzen. N\u00e4heres in unserer Datenschutzerkl\u00e4rung.\" \/>\n<meta name=\"robots\" content=\"index, follow, max-snippet:-1, max-image-preview:large, max-video-preview:-1\" \/>\n<link rel=\"canonical\" href=\"https:\/\/www.strafrecht.de\/de\/mandanten\/\" \/>\n<meta property=\"og:locale\" content=\"de_DE\" \/>\n<meta property=\"og:type\" content=\"article\" \/>\n<meta property=\"og:title\" content=\"Datenschutzinformation Mandanten\" \/>\n<meta property=\"og:description\" content=\"Wir respektieren Ihre Privatsph\u00e4re und verpflichten uns, Ihre personenbezogenen Daten zu sch\u00fctzen. N\u00e4heres in unserer Datenschutzerkl\u00e4rung.\" \/>\n<meta property=\"og:url\" content=\"https:\/\/www.strafrecht.de\/de\/mandanten\/\" \/>\n<meta property=\"og:site_name\" content=\"Wessing &amp; Partner\" \/>\n<meta property=\"article:modified_time\" content=\"2025-08-22T11:08:17+00:00\" \/>\n<meta name=\"twitter:card\" content=\"summary_large_image\" \/>\n<meta name=\"twitter:label1\" content=\"Gesch\u00e4tzte Lesezeit\" \/>\n\t<meta name=\"twitter:data1\" content=\"8\u00a0Minuten\" \/>\n<script type=\"application\/ld+json\" class=\"yoast-schema-graph\">{\"@context\":\"https:\\\/\\\/schema.org\",\"@graph\":[{\"@type\":\"WebPage\",\"@id\":\"https:\\\/\\\/www.strafrecht.de\\\/de\\\/mandanten\\\/\",\"url\":\"https:\\\/\\\/www.strafrecht.de\\\/de\\\/mandanten\\\/\",\"name\":\"Datenschutzerkl\u00e4rung | Wessing & Partner\",\"isPartOf\":{\"@id\":\"https:\\\/\\\/www.strafrecht.de\\\/de\\\/#website\"},\"datePublished\":\"2023-08-04T13:34:08+00:00\",\"dateModified\":\"2025-08-22T11:08:17+00:00\",\"description\":\"Wir respektieren Ihre Privatsph\u00e4re und verpflichten uns, Ihre personenbezogenen Daten zu sch\u00fctzen. N\u00e4heres in unserer Datenschutzerkl\u00e4rung.\",\"breadcrumb\":{\"@id\":\"https:\\\/\\\/www.strafrecht.de\\\/de\\\/mandanten\\\/#breadcrumb\"},\"inLanguage\":\"de\",\"potentialAction\":[{\"@type\":\"ReadAction\",\"target\":[\"https:\\\/\\\/www.strafrecht.de\\\/de\\\/mandanten\\\/\"]}]},{\"@type\":\"BreadcrumbList\",\"@id\":\"https:\\\/\\\/www.strafrecht.de\\\/de\\\/mandanten\\\/#breadcrumb\",\"itemListElement\":[{\"@type\":\"ListItem\",\"position\":1,\"name\":\"Startseite\",\"item\":\"https:\\\/\\\/www.strafrecht.de\\\/de\\\/\"},{\"@type\":\"ListItem\",\"position\":2,\"name\":\"Datenschutz alt\",\"item\":\"https:\\\/\\\/www.strafrecht.de\\\/de\\\/?page_id=4872\"},{\"@type\":\"ListItem\",\"position\":3,\"name\":\"Datenschutzinformation Mandanten\"}]},{\"@type\":\"WebSite\",\"@id\":\"https:\\\/\\\/www.strafrecht.de\\\/de\\\/#website\",\"url\":\"https:\\\/\\\/www.strafrecht.de\\\/de\\\/\",\"name\":\"Wessing &amp; Partner\",\"description\":\"Strafrecht nach allen Regeln der Kunst.\",\"potentialAction\":[{\"@type\":\"SearchAction\",\"target\":{\"@type\":\"EntryPoint\",\"urlTemplate\":\"https:\\\/\\\/www.strafrecht.de\\\/de\\\/?s={search_term_string}\"},\"query-input\":{\"@type\":\"PropertyValueSpecification\",\"valueRequired\":true,\"valueName\":\"search_term_string\"}}],\"inLanguage\":\"de\"}]}<\/script>\n<!-- \/ Yoast SEO Premium plugin. -->","yoast_head_json":{"title":"Datenschutzerkl\u00e4rung | Wessing & Partner","description":"Wir respektieren Ihre Privatsph\u00e4re und verpflichten uns, Ihre personenbezogenen Daten zu sch\u00fctzen. N\u00e4heres in unserer Datenschutzerkl\u00e4rung.","robots":{"index":"index","follow":"follow","max-snippet":"max-snippet:-1","max-image-preview":"max-image-preview:large","max-video-preview":"max-video-preview:-1"},"canonical":"https:\/\/www.strafrecht.de\/de\/mandanten\/","og_locale":"de_DE","og_type":"article","og_title":"Datenschutzinformation Mandanten","og_description":"Wir respektieren Ihre Privatsph\u00e4re und verpflichten uns, Ihre personenbezogenen Daten zu sch\u00fctzen. N\u00e4heres in unserer Datenschutzerkl\u00e4rung.","og_url":"https:\/\/www.strafrecht.de\/de\/mandanten\/","og_site_name":"Wessing &amp; Partner","article_modified_time":"2025-08-22T11:08:17+00:00","twitter_card":"summary_large_image","twitter_misc":{"Gesch\u00e4tzte Lesezeit":"8\u00a0Minuten"},"schema":{"@context":"https:\/\/schema.org","@graph":[{"@type":"WebPage","@id":"https:\/\/www.strafrecht.de\/de\/mandanten\/","url":"https:\/\/www.strafrecht.de\/de\/mandanten\/","name":"Datenschutzerkl\u00e4rung | Wessing & Partner","isPartOf":{"@id":"https:\/\/www.strafrecht.de\/de\/#website"},"datePublished":"2023-08-04T13:34:08+00:00","dateModified":"2025-08-22T11:08:17+00:00","description":"Wir respektieren Ihre Privatsph\u00e4re und verpflichten uns, Ihre personenbezogenen Daten zu sch\u00fctzen. N\u00e4heres in unserer Datenschutzerkl\u00e4rung.","breadcrumb":{"@id":"https:\/\/www.strafrecht.de\/de\/mandanten\/#breadcrumb"},"inLanguage":"de","potentialAction":[{"@type":"ReadAction","target":["https:\/\/www.strafrecht.de\/de\/mandanten\/"]}]},{"@type":"BreadcrumbList","@id":"https:\/\/www.strafrecht.de\/de\/mandanten\/#breadcrumb","itemListElement":[{"@type":"ListItem","position":1,"name":"Startseite","item":"https:\/\/www.strafrecht.de\/de\/"},{"@type":"ListItem","position":2,"name":"Datenschutz alt","item":"https:\/\/www.strafrecht.de\/de\/?page_id=4872"},{"@type":"ListItem","position":3,"name":"Datenschutzinformation Mandanten"}]},{"@type":"WebSite","@id":"https:\/\/www.strafrecht.de\/de\/#website","url":"https:\/\/www.strafrecht.de\/de\/","name":"Wessing &amp; Partner","description":"Strafrecht nach allen Regeln der Kunst.","potentialAction":[{"@type":"SearchAction","target":{"@type":"EntryPoint","urlTemplate":"https:\/\/www.strafrecht.de\/de\/?s={search_term_string}"},"query-input":{"@type":"PropertyValueSpecification","valueRequired":true,"valueName":"search_term_string"}}],"inLanguage":"de"}]}},"jetpack_sharing_enabled":true,"_links":{"self":[{"href":"https:\/\/www.strafrecht.de\/de\/wp-json\/wp\/v2\/pages\/10880","targetHints":{"allow":["GET"]}}],"collection":[{"href":"https:\/\/www.strafrecht.de\/de\/wp-json\/wp\/v2\/pages"}],"about":[{"href":"https:\/\/www.strafrecht.de\/de\/wp-json\/wp\/v2\/types\/page"}],"author":[{"embeddable":true,"href":"https:\/\/www.strafrecht.de\/de\/wp-json\/wp\/v2\/users\/6"}],"replies":[{"embeddable":true,"href":"https:\/\/www.strafrecht.de\/de\/wp-json\/wp\/v2\/comments?post=10880"}],"version-history":[{"count":10,"href":"https:\/\/www.strafrecht.de\/de\/wp-json\/wp\/v2\/pages\/10880\/revisions"}],"predecessor-version":[{"id":12854,"href":"https:\/\/www.strafrecht.de\/de\/wp-json\/wp\/v2\/pages\/10880\/revisions\/12854"}],"up":[{"embeddable":true,"href":"https:\/\/www.strafrecht.de\/de\/wp-json\/wp\/v2\/pages\/4872"}],"wp:attachment":[{"href":"https:\/\/www.strafrecht.de\/de\/wp-json\/wp\/v2\/media?parent=10880"}],"curies":[{"name":"wp","href":"https:\/\/api.w.org\/{rel}","templated":true}]}}