{"id":10925,"date":"2023-08-04T16:51:08","date_gmt":"2023-08-04T14:51:08","guid":{"rendered":"https:\/\/www.strafrecht.de\/?page_id=10925"},"modified":"2025-08-22T13:05:55","modified_gmt":"2025-08-22T11:05:55","slug":"instagram","status":"publish","type":"page","link":"https:\/\/www.strafrecht.de\/de\/instagram\/","title":{"rendered":"Datenschutzinformation Instagram"},"content":{"rendered":"\t\t<div data-elementor-type=\"wp-page\" data-elementor-id=\"10925\" class=\"elementor elementor-10925\" data-elementor-post-type=\"page\">\n\t\t\t\t\t\t<section class=\"elementor-section elementor-top-section elementor-element elementor-element-4b2f30a elementor-section-boxed elementor-section-height-default elementor-section-height-default\" data-id=\"4b2f30a\" data-element_type=\"section\" data-e-type=\"section\">\n\t\t\t\t\t\t<div class=\"elementor-container elementor-column-gap-default\">\n\t\t\t\t\t<div class=\"elementor-column elementor-col-100 elementor-top-column elementor-element elementor-element-6f625852\" data-id=\"6f625852\" data-element_type=\"column\" data-e-type=\"column\">\n\t\t\t<div class=\"elementor-widget-wrap elementor-element-populated\">\n\t\t\t\t\t\t<div class=\"elementor-element elementor-element-8cb3c57 elementor-widget elementor-widget-text-editor\" data-id=\"8cb3c57\" data-element_type=\"widget\" data-e-type=\"widget\" data-widget_type=\"text-editor.default\">\n\t\t\t\t<div class=\"elementor-widget-container\">\n\t\t\t\t\t\t\t\t\t<h1>Datenschutzerkl\u00e4rung f\u00fcr Besucher des Instagram-Unternehmensprofils von Wessing &amp; Partner Rechtsanw\u00e4lte mbB<\/h1><p>Wir, die Wessing &amp; Partner Rechtsanw\u00e4lte mbB (nachfolgend auch \u201eWessing &amp; Partner\u201c, \u201ewir\u201c oder \u201euns\u201c) informieren Sie hiermit \u00fcber die Verarbeitung personenbezogener Daten und die Ihnen zustehenden Rechte.<\/p><p>Die nachfolgenden Informationen beziehen sich hierbei auf die Verarbeitung Ihrer personenbezogenen Daten im Zusammenhang mit Ihrem Besuch unseres Instagram-Unternehmensprofils soweit dieses in unserer alleinigen Verantwortung erfolgt.<\/p><p>Die Plattform Instagram wird von der Meta Platforms Ireland Limited, 4 Grand Canal Square, Dublin 2, Ireland betrieben (im Folgenden \u201eMeta\u201c). Im Zusammenhang mit Ihrem Besuch dieser Plattform erfolgt auch eine Datenverarbeitung durch Meta.\u00a0<\/p><p>Meta stellt Informationen zu ihrer Datenverarbeitung unter https:\/\/privacycenter.instagram.com\/policy zur Verf\u00fcgung.<\/p><h5>\u00a0<strong style=\"color: var( --e-global-color-primary ); font-family: var( --e-global-typography-primary-font-family ), Sans-serif; font-size: 1.25rem;\">1.\u00a0<\/strong><b style=\"color: var( --e-global-color-primary ); font-family: var( --e-global-typography-primary-font-family ), Sans-serif; font-size: 1.25rem;\">Verantwortlicher<\/b><\/h5><p>Wessing &amp; Partner Rechtsanw\u00e4lte mbB <br \/>Rathausufer 16-17<br \/>40213 D\u00fcsseldorf<br \/>vertretungsberechtigte Rechtsanw\u00e4lte: Prof. Dr. J\u00fcrgen Wessing, Dr. med. Helga Wessing, Prof. Dr. Heiko Ahlbrecht, Dr. Matthias Dann, LL.M. (University of Edinburgh), Dipl.-Fw. Rainer Biesgen, Dr. Eren Basar<br \/>Tel.: +49 (0)211\/168 44-0<br \/>Fax: +49 (0)211\/168 44-444<br \/>E-Mail: info@strafrecht.de<\/p><h5><b>2. Datenschutzbeauftragte<\/b><\/h5><p>Wessing &amp; Partner Rechtsanw\u00e4lte mbB<br \/>z. Hd. der Datenschutzbeauftragten<br \/>Rathausufer 16-17<br \/>40213 D\u00fcsseldorf<br \/>datenschutz@strafrecht.de\u00a0<\/p><h5><strong>3.\u00a0<\/strong><b>Ihre Betroffenenrechte<\/b><\/h5><p>Als betroffene Person haben Sie nach der Datenschutz-Grundverordnung (DSGVO) folgende Rechte, soweit deren jeweilige gesetzliche Voraussetzungen vorliegen:<\/p><ul><li>Auskunft (Art. 15 DSGVO): Sie haben das Recht, Auskunft \u00fcber die zu Ihrer Person verarbeiteten Daten zu erhalten.<\/li><li>Berichtigung (Art. 16 DSGVO): Sie k\u00f6nnen die Berichtigung unrichtiger Daten zu Ihrer Person verlangen. Dar\u00fcber hinaus k\u00f6nnen Sie die Vervollst\u00e4ndigung unvollst\u00e4ndiger Daten verlangen.<\/li><li>L\u00f6schung (Art. 17 DSGVO): In bestimmten F\u00e4llen k\u00f6nnen Sie die L\u00f6schung Ihrer personenbezogenen Daten verlangen.<\/li><li>Einschr\u00e4nkung der Verarbeitung (Art. 18 DSGVO): Sie k\u00f6nnen in bestimmten F\u00e4llen verlangen, dass die Verarbeitung Ihrer Daten eingeschr\u00e4nkt wird.<\/li><li>Daten\u00fcbertragbarkeit (Art. 20 DSGVO): Sollten Sie Daten auf Basis eines Vertrages oder einer Einwilligung bereitgestellt haben und die Verarbeitung mithilfe automatisierter Verfahren erfolgen, so k\u00f6nnen Sie verlangen, dass Sie die von Ihnen bereitgestellten Daten in einem strukturierten, g\u00e4ngigen und maschinenlesbaren Format erhalten oder dass diese an einen anderen Verantwortlichen \u00fcbermittelt werden.<\/li><\/ul>\t\t\t\t\t\t\t\t<\/div>\n\t\t\t\t<\/div>\n\t\t\t\t<div class=\"elementor-element elementor-element-d904e94 elementor-widget elementor-widget-text-editor\" data-id=\"d904e94\" data-element_type=\"widget\" data-e-type=\"widget\" data-widget_type=\"text-editor.default\">\n\t\t\t\t<div class=\"elementor-widget-container\">\n\t\t\t\t\t\t\t\t\t<p><b>Einzelfallbezogenes Widerspruchsrecht:<\/b><\/p><p>Sie haben das Recht, aus Gr\u00fcnden, die sich aus Ihrer besonderen Situation ergeben, jederzeit gegen eine Verarbeitung Sie betreffender personenbezogener Daten Widerspruch einzulegen, die auf Basis von Art. 6 Abs. 1 UAbs. 1 e) DSGVO (Aufgabenwahrnehmung im \u00f6ffentlichen Interesse oder in Aus\u00fcbung \u00f6ffentlicher Gewalt) oder von Art. 6 Abs. 1 UAbs. 1 f) DSGVO (Interessenabw\u00e4gung) erfolgt; dies gilt auch f\u00fcr ein auf diese Bestimmungen gest\u00fctztes Profiling.<\/p><p>Legen Sie Widerspruch ein, werden wir Ihre personenbezogenen Daten nicht mehr verarbeiten, es sei denn, wir k\u00f6nnen zwingende schutzw\u00fcrdige Gr\u00fcnde f\u00fcr die Verarbeitung nachweisen, die Ihre Interessen, Rechte und Freiheiten \u00fcberwiegen, oder die Verarbeitung dient der Geltendmachung, Aus\u00fcbung oder Verteidigung von Rechtsanspr\u00fcchen.<\/p>\t\t\t\t\t\t\t\t<\/div>\n\t\t\t\t<\/div>\n\t\t\t\t<div class=\"elementor-element elementor-element-43b1f19 elementor-widget elementor-widget-text-editor\" data-id=\"43b1f19\" data-element_type=\"widget\" data-e-type=\"widget\" data-widget_type=\"text-editor.default\">\n\t\t\t\t<div class=\"elementor-widget-container\">\n\t\t\t\t\t\t\t\t\t<p>Geltendmachung Ihrer Rechte: Wenden Sie sich zur Aus\u00fcbung aller Ihrer zuvor genannten Rechte bitte an info@strafrecht.de oder postalisch an die oben unter Ziffer 1 angegebene Anschrift. Bitte stellen Sie dabei sicher, dass uns eine eindeutige Identifizierung Ihrer Person m\u00f6glich ist.<\/p>\n<p>Wenn Sie der Ansicht sind, dass die Verarbeitung Ihrer personenbezogenen Daten gegen Datenschutzrecht verst\u00f6\u00dft, k\u00f6nnen Sie zudem eine Beschwerde bei einer Aufsichtsbeh\u00f6rde einreichen, insbesondere in dem EU-Mitgliedstaat bzw. Bundesland Ihres gew\u00f6hnlichen Aufenthaltsortes, Arbeitsplatzes oder des Ortes des von Ihnen beanstandeten mutma\u00dflichen Versto\u00dfes.<\/p>\n<p>Dies gilt auch f\u00fcr die f\u00fcr uns zust\u00e4ndige Aufsichtsbeh\u00f6rde:&nbsp;<\/p>\n<p>Landesbeauftragte f\u00fcr Datenschutz und Informationsfreiheit Nordrhein-Westfalen<br>Kavalleriestr. 2-4<br>40213 D\u00fcsseldorf<br>Tel.: +49 (0) 211\/38424-0<br>Fax: +49 (0) 211\/38424-999<br>E-Mail: poststelle@ldi.nrw.de<\/p>\n<h5><b>4.&nbsp;Details zu eingebundenen Diensten und Funktionalit\u00e4ten<\/b><\/h5>\n<p><b>4.1&nbsp;Interaktion (Nutzung der Instagram-Funktionen)&nbsp;<\/b><\/p>\n<table width=\"100%\" style=\"background-color: rgb(255, 255, 255); width: 1004px;\">\n<tbody>\n<tr>\n<td style=\"border-color: rgba(128, 128, 128, 0.5); background-color: rgba(128, 128, 128, 0.07);\">Datenkategorien:<\/td>\n<td width=\"482\" style=\"border-color: rgba(128, 128, 128, 0.5); background-color: rgba(128, 128, 128, 0.07);\">Profilname, Profilbild, \u201eGef\u00e4llt mir\u201c-Angabe, Follower-Anfrage und Status, Kommentar, Zeitraum der Kommentierung, Inhalt der Nachricht, Datum und Uhrzeit der Nachricht&nbsp;<\/td>\n<\/tr>\n<tr>\n<td style=\"border-color: rgba(128, 128, 128, 0.5);\">Zweck(e):<\/td>\n<td width=\"482\" style=\"border-color: rgba(128, 128, 128, 0.5);\">Interaktion mit Besuchern, Empfang und Bearbeitung von Anfragen, Beschwerden oder sonstigem Feedback.<\/td>\n<\/tr>\n<tr>\n<td style=\"border-color: rgba(128, 128, 128, 0.5); background-color: rgba(128, 128, 128, 0.07);\">Rechtsgrundlage(n):<\/td>\n<td width=\"482\" style=\"border-color: rgba(128, 128, 128, 0.5); background-color: rgba(128, 128, 128, 0.07);\">Art. 6 UAbs. 1 f) DSGVO (Interessenabw\u00e4gung). Dabei verfolgen wir das berechtigte Interesse der der \u00f6ffentlichkeitswirksamen Kommunikation zur Markenbildung.<\/td>\n<\/tr>\n<tr>\n<td style=\"border-color: rgba(128, 128, 128, 0.5);\">Empf\u00e4nger der personenbezogenen Daten:<\/td>\n<td width=\"482\" style=\"border-color: rgba(128, 128, 128, 0.5);\">Hosting-Provider, interne Abteilungen, externer Dienstleister f\u00fcr technischen Support; Betreiber Meta (s. Instagram-Datenschutzrichtlinie, abrufbar unter: https:\/\/help.instagram.com\/519522125107875).<\/td>\n<\/tr>\n<tr>\n<td style=\"border-color: rgba(128, 128, 128, 0.5); background-color: rgba(128, 128, 128, 0.07);\">Drittlandtransfer:<\/td>\n<td width=\"482\" style=\"border-color: rgba(128, 128, 128, 0.5); background-color: rgba(128, 128, 128, 0.07);\">Wir geben Ihre personenbezogenen Daten nicht an L\u00e4nder au\u00dferhalb des Europ\u00e4ischen Wirtschaftsraums (&#8222;Drittl\u00e4nder&#8220;) weiter.<br><br>Es kann jedoch vorkommen, dass Meta personenbezogene Daten auch au\u00dferhalb des Europ\u00e4ischen Wirtschaftraums verarbeitet, worauf wir keinen Einfluss oder Zugang haben (https:\/\/help.instagram.com\/519522125107875).<br><\/td>\n<\/tr>\n<tr>\n<td style=\"border-color: rgba(128, 128, 128, 0.5);\">Dauer der Verarbeitung von personenbezogenen Daten:<\/td>\n<td width=\"482\" style=\"border-color: rgba(128, 128, 128, 0.5);\">Ihre personenbezogenen Daten werden verarbeitet, solange diese auf Ihrem Profil einsehbar sind. Die Einsehbarkeit k\u00f6nnen Sie weitgehend selbst bestimmen (z.B. L\u00f6schung eines Kommentars).<\/td>\n<\/tr>\n<\/tbody>\n<\/table>\t\t\t\t\t\t\t\t<\/div>\n\t\t\t\t<\/div>\n\t\t\t\t\t<\/div>\n\t\t<\/div>\n\t\t\t\t\t<\/div>\n\t\t<\/section>\n\t\t\t\t<\/div>\n\t\t","protected":false},"excerpt":{"rendered":"<p>Datenschutzerkl\u00e4rung f\u00fcr Besucher des Instagram-Unternehmensprofils von Wessing &amp; Partner Rechtsanw\u00e4lte mbB Wir, die Wessing &amp; Partner Rechtsanw\u00e4lte mbB (nachfolgend auch \u201eWessing &amp; Partner\u201c, \u201ewir\u201c oder \u201euns\u201c) informieren Sie hiermit \u00fcber die Verarbeitung personenbezogener Daten und die Ihnen zustehenden Rechte. Die nachfolgenden Informationen beziehen sich hierbei auf die Verarbeitung Ihrer personenbezogenen Daten im Zusammenhang mit Ihrem [&hellip;]<\/p>\n","protected":false},"author":6,"featured_media":0,"parent":4872,"menu_order":0,"comment_status":"closed","ping_status":"closed","template":"","meta":{"_acf_changed":false,"footnotes":""},"class_list":["post-10925","page","type-page","status-publish","hentry"],"acf":[],"yoast_head":"<!-- This site is optimized with the Yoast SEO Premium plugin v26.1 (Yoast SEO v27.5) - https:\/\/yoast.com\/product\/yoast-seo-premium-wordpress\/ -->\n<title>Datenschutzerkl\u00e4rung | Wessing &amp; Partner<\/title>\n<meta name=\"description\" content=\"Wir respektieren Ihre Privatsph\u00e4re und verpflichten uns, Ihre personenbezogenen Daten zu sch\u00fctzen. N\u00e4heres in unserer Datenschutzerkl\u00e4rung.\" \/>\n<meta name=\"robots\" content=\"index, follow, max-snippet:-1, max-image-preview:large, max-video-preview:-1\" \/>\n<link rel=\"canonical\" href=\"https:\/\/www.strafrecht.de\/de\/instagram\/\" \/>\n<meta property=\"og:locale\" content=\"de_DE\" \/>\n<meta property=\"og:type\" content=\"article\" \/>\n<meta property=\"og:title\" content=\"Datenschutzinformation Instagram\" \/>\n<meta property=\"og:description\" content=\"Wir respektieren Ihre Privatsph\u00e4re und verpflichten uns, Ihre personenbezogenen Daten zu sch\u00fctzen. N\u00e4heres in unserer Datenschutzerkl\u00e4rung.\" \/>\n<meta property=\"og:url\" content=\"https:\/\/www.strafrecht.de\/de\/instagram\/\" \/>\n<meta property=\"og:site_name\" content=\"Wessing &amp; Partner\" \/>\n<meta property=\"article:modified_time\" content=\"2025-08-22T11:05:55+00:00\" \/>\n<meta name=\"twitter:card\" content=\"summary_large_image\" \/>\n<meta name=\"twitter:label1\" content=\"Gesch\u00e4tzte Lesezeit\" \/>\n\t<meta name=\"twitter:data1\" content=\"4\u00a0Minuten\" \/>\n<script type=\"application\/ld+json\" class=\"yoast-schema-graph\">{\"@context\":\"https:\\\/\\\/schema.org\",\"@graph\":[{\"@type\":\"WebPage\",\"@id\":\"https:\\\/\\\/www.strafrecht.de\\\/de\\\/instagram\\\/\",\"url\":\"https:\\\/\\\/www.strafrecht.de\\\/de\\\/instagram\\\/\",\"name\":\"Datenschutzerkl\u00e4rung | Wessing & Partner\",\"isPartOf\":{\"@id\":\"https:\\\/\\\/www.strafrecht.de\\\/de\\\/#website\"},\"datePublished\":\"2023-08-04T14:51:08+00:00\",\"dateModified\":\"2025-08-22T11:05:55+00:00\",\"description\":\"Wir respektieren Ihre Privatsph\u00e4re und verpflichten uns, Ihre personenbezogenen Daten zu sch\u00fctzen. N\u00e4heres in unserer Datenschutzerkl\u00e4rung.\",\"breadcrumb\":{\"@id\":\"https:\\\/\\\/www.strafrecht.de\\\/de\\\/instagram\\\/#breadcrumb\"},\"inLanguage\":\"de\",\"potentialAction\":[{\"@type\":\"ReadAction\",\"target\":[\"https:\\\/\\\/www.strafrecht.de\\\/de\\\/instagram\\\/\"]}]},{\"@type\":\"BreadcrumbList\",\"@id\":\"https:\\\/\\\/www.strafrecht.de\\\/de\\\/instagram\\\/#breadcrumb\",\"itemListElement\":[{\"@type\":\"ListItem\",\"position\":1,\"name\":\"Startseite\",\"item\":\"https:\\\/\\\/www.strafrecht.de\\\/de\\\/\"},{\"@type\":\"ListItem\",\"position\":2,\"name\":\"Datenschutz alt\",\"item\":\"https:\\\/\\\/www.strafrecht.de\\\/de\\\/?page_id=4872\"},{\"@type\":\"ListItem\",\"position\":3,\"name\":\"Datenschutzinformation Instagram\"}]},{\"@type\":\"WebSite\",\"@id\":\"https:\\\/\\\/www.strafrecht.de\\\/de\\\/#website\",\"url\":\"https:\\\/\\\/www.strafrecht.de\\\/de\\\/\",\"name\":\"Wessing &amp; Partner\",\"description\":\"Strafrecht nach allen Regeln der Kunst.\",\"potentialAction\":[{\"@type\":\"SearchAction\",\"target\":{\"@type\":\"EntryPoint\",\"urlTemplate\":\"https:\\\/\\\/www.strafrecht.de\\\/de\\\/?s={search_term_string}\"},\"query-input\":{\"@type\":\"PropertyValueSpecification\",\"valueRequired\":true,\"valueName\":\"search_term_string\"}}],\"inLanguage\":\"de\"}]}<\/script>\n<!-- \/ Yoast SEO Premium plugin. -->","yoast_head_json":{"title":"Datenschutzerkl\u00e4rung | Wessing & Partner","description":"Wir respektieren Ihre Privatsph\u00e4re und verpflichten uns, Ihre personenbezogenen Daten zu sch\u00fctzen. N\u00e4heres in unserer Datenschutzerkl\u00e4rung.","robots":{"index":"index","follow":"follow","max-snippet":"max-snippet:-1","max-image-preview":"max-image-preview:large","max-video-preview":"max-video-preview:-1"},"canonical":"https:\/\/www.strafrecht.de\/de\/instagram\/","og_locale":"de_DE","og_type":"article","og_title":"Datenschutzinformation Instagram","og_description":"Wir respektieren Ihre Privatsph\u00e4re und verpflichten uns, Ihre personenbezogenen Daten zu sch\u00fctzen. N\u00e4heres in unserer Datenschutzerkl\u00e4rung.","og_url":"https:\/\/www.strafrecht.de\/de\/instagram\/","og_site_name":"Wessing &amp; Partner","article_modified_time":"2025-08-22T11:05:55+00:00","twitter_card":"summary_large_image","twitter_misc":{"Gesch\u00e4tzte Lesezeit":"4\u00a0Minuten"},"schema":{"@context":"https:\/\/schema.org","@graph":[{"@type":"WebPage","@id":"https:\/\/www.strafrecht.de\/de\/instagram\/","url":"https:\/\/www.strafrecht.de\/de\/instagram\/","name":"Datenschutzerkl\u00e4rung | Wessing & Partner","isPartOf":{"@id":"https:\/\/www.strafrecht.de\/de\/#website"},"datePublished":"2023-08-04T14:51:08+00:00","dateModified":"2025-08-22T11:05:55+00:00","description":"Wir respektieren Ihre Privatsph\u00e4re und verpflichten uns, Ihre personenbezogenen Daten zu sch\u00fctzen. N\u00e4heres in unserer Datenschutzerkl\u00e4rung.","breadcrumb":{"@id":"https:\/\/www.strafrecht.de\/de\/instagram\/#breadcrumb"},"inLanguage":"de","potentialAction":[{"@type":"ReadAction","target":["https:\/\/www.strafrecht.de\/de\/instagram\/"]}]},{"@type":"BreadcrumbList","@id":"https:\/\/www.strafrecht.de\/de\/instagram\/#breadcrumb","itemListElement":[{"@type":"ListItem","position":1,"name":"Startseite","item":"https:\/\/www.strafrecht.de\/de\/"},{"@type":"ListItem","position":2,"name":"Datenschutz alt","item":"https:\/\/www.strafrecht.de\/de\/?page_id=4872"},{"@type":"ListItem","position":3,"name":"Datenschutzinformation Instagram"}]},{"@type":"WebSite","@id":"https:\/\/www.strafrecht.de\/de\/#website","url":"https:\/\/www.strafrecht.de\/de\/","name":"Wessing &amp; Partner","description":"Strafrecht nach allen Regeln der Kunst.","potentialAction":[{"@type":"SearchAction","target":{"@type":"EntryPoint","urlTemplate":"https:\/\/www.strafrecht.de\/de\/?s={search_term_string}"},"query-input":{"@type":"PropertyValueSpecification","valueRequired":true,"valueName":"search_term_string"}}],"inLanguage":"de"}]}},"jetpack_sharing_enabled":true,"_links":{"self":[{"href":"https:\/\/www.strafrecht.de\/de\/wp-json\/wp\/v2\/pages\/10925","targetHints":{"allow":["GET"]}}],"collection":[{"href":"https:\/\/www.strafrecht.de\/de\/wp-json\/wp\/v2\/pages"}],"about":[{"href":"https:\/\/www.strafrecht.de\/de\/wp-json\/wp\/v2\/types\/page"}],"author":[{"embeddable":true,"href":"https:\/\/www.strafrecht.de\/de\/wp-json\/wp\/v2\/users\/6"}],"replies":[{"embeddable":true,"href":"https:\/\/www.strafrecht.de\/de\/wp-json\/wp\/v2\/comments?post=10925"}],"version-history":[{"count":7,"href":"https:\/\/www.strafrecht.de\/de\/wp-json\/wp\/v2\/pages\/10925\/revisions"}],"predecessor-version":[{"id":12848,"href":"https:\/\/www.strafrecht.de\/de\/wp-json\/wp\/v2\/pages\/10925\/revisions\/12848"}],"up":[{"embeddable":true,"href":"https:\/\/www.strafrecht.de\/de\/wp-json\/wp\/v2\/pages\/4872"}],"wp:attachment":[{"href":"https:\/\/www.strafrecht.de\/de\/wp-json\/wp\/v2\/media?parent=10925"}],"curies":[{"name":"wp","href":"https:\/\/api.w.org\/{rel}","templated":true}]}}