{"id":7906,"date":"2022-01-10T20:33:11","date_gmt":"2022-01-10T20:33:11","guid":{"rendered":"https:\/\/dev.strafrecht.de\/?page_id=7906"},"modified":"2025-02-13T13:19:20","modified_gmt":"2025-02-13T11:19:20","slug":"umweltstrafrecht","status":"publish","type":"page","link":"https:\/\/www.strafrecht.de\/de\/umweltstrafrecht\/","title":{"rendered":"Umweltstrafrecht"},"content":{"rendered":"\t\t<div data-elementor-type=\"wp-page\" data-elementor-id=\"7906\" class=\"elementor elementor-7906\" data-elementor-post-type=\"page\">\n\t\t\t\t\t\t<section class=\"elementor-section elementor-top-section elementor-element elementor-element-70ba194 elementor-section-boxed elementor-section-height-default elementor-section-height-default\" data-id=\"70ba194\" data-element_type=\"section\" data-e-type=\"section\">\n\t\t\t\t\t\t<div class=\"elementor-container elementor-column-gap-default\">\n\t\t\t\t\t<div class=\"elementor-column elementor-col-50 elementor-top-column elementor-element elementor-element-ae069a2\" data-id=\"ae069a2\" data-element_type=\"column\" data-e-type=\"column\">\n\t\t\t<div class=\"elementor-widget-wrap elementor-element-populated\">\n\t\t\t\t\t\t<div class=\"elementor-element elementor-element-fb7a4ac elementor-widget elementor-widget-image\" data-id=\"fb7a4ac\" data-element_type=\"widget\" data-e-type=\"widget\" data-widget_type=\"image.default\">\n\t\t\t\t<div class=\"elementor-widget-container\">\n\t\t\t\t\t\t\t\t\t\t\t\t\t\t\t<img fetchpriority=\"high\" decoding=\"async\" width=\"1580\" height=\"780\" src=\"https:\/\/www.strafrecht.de\/wp-content\/uploads\/2023\/05\/2023_crf_WUP_9170_LoRes-e1683714169338-1580x780.jpg\" class=\"attachment-landscape-2 size-landscape-2 wp-image-10441\" alt=\"\" \/>\t\t\t\t\t\t\t\t\t\t\t\t\t\t\t<\/div>\n\t\t\t\t<\/div>\n\t\t\t\t\t<\/div>\n\t\t<\/div>\n\t\t\t\t<div class=\"elementor-column elementor-col-50 elementor-top-column elementor-element elementor-element-41122b6\" data-id=\"41122b6\" data-element_type=\"column\" data-e-type=\"column\">\n\t\t\t<div class=\"elementor-widget-wrap elementor-element-populated\">\n\t\t\t\t\t\t<div class=\"elementor-element elementor-element-9b60cd5 elementor-hidden-mobile elementor-widget elementor-widget-image\" data-id=\"9b60cd5\" data-element_type=\"widget\" data-e-type=\"widget\" data-widget_type=\"image.default\">\n\t\t\t\t<div class=\"elementor-widget-container\">\n\t\t\t\t\t\t\t\t\t\t\t\t\t\t\t<img decoding=\"async\" width=\"1580\" height=\"780\" src=\"https:\/\/www.strafrecht.de\/wp-content\/uploads\/2021\/12\/2021_WUP_Website_1375_1580x780-1580x780.jpg\" class=\"attachment-landscape-2 size-landscape-2 wp-image-5418\" alt=\"\" srcset=\"https:\/\/www.strafrecht.de\/wp-content\/uploads\/2021\/12\/2021_WUP_Website_1375_1580x780.jpg 1580w, https:\/\/www.strafrecht.de\/wp-content\/uploads\/2021\/12\/2021_WUP_Website_1375_1580x780-300x148.jpg 300w, https:\/\/www.strafrecht.de\/wp-content\/uploads\/2021\/12\/2021_WUP_Website_1375_1580x780-1024x506.jpg 1024w, https:\/\/www.strafrecht.de\/wp-content\/uploads\/2021\/12\/2021_WUP_Website_1375_1580x780-768x379.jpg 768w, https:\/\/www.strafrecht.de\/wp-content\/uploads\/2021\/12\/2021_WUP_Website_1375_1580x780-1536x758.jpg 1536w\" sizes=\"(max-width: 1580px) 100vw, 1580px\" \/>\t\t\t\t\t\t\t\t\t\t\t\t\t\t\t<\/div>\n\t\t\t\t<\/div>\n\t\t\t\t\t<\/div>\n\t\t<\/div>\n\t\t\t\t\t<\/div>\n\t\t<\/section>\n\t\t\t\t<section class=\"elementor-section elementor-top-section elementor-element elementor-element-38230dc elementor-section-boxed elementor-section-height-default elementor-section-height-default\" data-id=\"38230dc\" data-element_type=\"section\" data-e-type=\"section\">\n\t\t\t\t\t\t<div class=\"elementor-container elementor-column-gap-default\">\n\t\t\t\t\t<div class=\"elementor-column elementor-col-66 elementor-top-column elementor-element elementor-element-55a6342\" data-id=\"55a6342\" data-element_type=\"column\" data-e-type=\"column\">\n\t\t\t<div class=\"elementor-widget-wrap elementor-element-populated\">\n\t\t\t\t\t\t<div class=\"elementor-element elementor-element-93c7a88 elementor-widget elementor-widget-text-editor\" data-id=\"93c7a88\" data-element_type=\"widget\" data-e-type=\"widget\" data-widget_type=\"text-editor.default\">\n\t\t\t\t<div class=\"elementor-widget-container\">\n\t\t\t\t\t\t\t\t\t<p>Umweltschutz nimmt seit Jahren einen immer wichtigeren Teil in der gesellschaftlichen Diskussion ein. Das Bewusstsein f\u00fcr den Schutz der Umwelt w\u00e4chst. Und dies hat auch zur Folge, dass Verst\u00f6\u00dfe gegen Umweltschutzvorschriften h\u00e4ufiger gemeldet und strenger geahndet werden.<\/p><p>Das Strafgesetzbuch sieht bereits f\u00fcr eine Reihe von umweltbezogenen Delikten empfindliche Strafen vor. Zum Teil drohen den T\u00e4tern bei Straftaten gegen die Umwelt sogar Haftstrafen von bis zu zehn Jahren. Dar\u00fcber hinaus enthalten zahlreiche Nebengesetze Straftatbest\u00e4nde mit Bezug zur Umwelt, darunter das Chemikaliengesetz und die Gefahrstoffverordnung, das Naturschutz- und das Pflanzenschutzgesetz, das Tierschutzgesetz und das Bundesjagdschutzgesetz.<\/p><h5><strong>Unternehmen am Pranger<\/strong><\/h5><p>Wenn Polizei und Staatsanwaltschaft wegen eines Verdachts auf eine Umweltstraftat ermitteln, ger\u00e4t oftmals das gesamte Unternehmen in Misskredit, nicht selten schon bevor die eigentlich Verantwortlichen ausgemacht werden k\u00f6nnen. Die Unternehmensleitung sieht sich wenigstens einem Bu\u00dfgeldverfahren ausgesetzt und ist \u2013 sofern sie nicht unmittelbar selbst am Pranger steht \u2013 gefordert, der Sache intern auf den Grund zu gehen. Die Reputationssch\u00e4den, die mit einem \u00f6ffentlich gewordenen Versto\u00df gegen Umweltstrafrecht verbunden sind, k\u00f6nnen angesichts der \u00f6ffentlichen Sensibilit\u00e4t f\u00fcr das Thema Umwelt immens sein. \u00a0<\/p><h5><strong>Vorw\u00fcrfe gegen Amtstr\u00e4ger<\/strong><\/h5><p>Strafrechtliche Risiken gelten au\u00dferdem f\u00fcr Amtstr\u00e4ger in Umweltbeh\u00f6rden, wenn sie beispielsweise ihre Pflichten im Rahmen von Genehmigungsverfahren fahrl\u00e4ssig oder sogar vors\u00e4tzlich verletzten. Praktische Relevanz gewinnt hier vor allem das Unterlassen, wenn beispielsweise rechtswidrig erteilte Genehmigungen f\u00fcr umweltgef\u00e4hrdende Anlage nicht zur\u00fcckgenommen werden oder die Beh\u00f6rde bei Delikten gegen die Umwelt nicht einschreitet. Bisweilen stehen dann auch Vorw\u00fcrfe wegen Vorteilsannahme oder Bestechlichkeit im Raum.<\/p><p>Unsere T\u00e4tigkeit im Umweltstrafrecht beginnt mit der Beratung zur <a href=\"https:\/\/www.strafrecht.de\/de\/compliance\/\">Compliance<\/a>, innerhalb derer wir die Unternehmensleitung auf Risiken im Umweltstrafrecht hinweisen und ihnen helfen, angemessen Vorsorge daf\u00fcr zu tragen, dass sich Risiken nicht realisieren. Wir begleiten Unternehmen und Unternehmensvertreter in Ermittlungs- und Strafverfahren und \u00fcbernehmen nicht zuletzt die Verteidigung der beschuldigten Einzelpersonen.<\/p><p><span style=\"color: #008bec;\">Typische Themen:<\/span><\/p><ul><li>Luftverunreinigung<\/li><li>Gew\u00e4sser- und Bodenverunreinigung<\/li><li>Unsachgem\u00e4\u00dfe Abfallentsorgung<\/li><li>Unerlaubtes Betreiben von Anlagen<\/li><li>Gef\u00e4hrdung schutzbed\u00fcrftiger Gebiete<\/li><li>Schwere Gef\u00e4hrdung durch Freisetzen von Giften<\/li><\/ul><p><span style=\"color: #008bec;\"><br \/>Sie k\u00f6nnen auf uns z\u00e4hlen:<\/span><\/p><ul><li>Industrieunternehmen<\/li><li>Betreiber von Abfallentsorgungsunternehmen<\/li><li>Kommunen und ihre Amtstr\u00e4ger<\/li><\/ul>\t\t\t\t\t\t\t\t<\/div>\n\t\t\t\t<\/div>\n\t\t\t\t\t<\/div>\n\t\t<\/div>\n\t\t\t\t<div class=\"elementor-column elementor-col-33 elementor-top-column elementor-element elementor-element-fe3d9f4\" data-id=\"fe3d9f4\" data-element_type=\"column\" data-e-type=\"column\">\n\t\t\t<div class=\"elementor-widget-wrap elementor-element-populated\">\n\t\t\t\t\t\t<div class=\"elementor-element elementor-element-ea20497 elementor-grid-1 elementor-posts--thumbnail-top elementor-grid-tablet-2 elementor-grid-mobile-1 elementor-widget elementor-widget-posts\" data-id=\"ea20497\" data-element_type=\"widget\" data-e-type=\"widget\" data-settings=\"{&quot;custom_columns&quot;:&quot;1&quot;,&quot;custom_row_gap&quot;:{&quot;unit&quot;:&quot;px&quot;,&quot;size&quot;:0,&quot;sizes&quot;:[]},&quot;custom_columns_tablet&quot;:&quot;2&quot;,&quot;custom_columns_mobile&quot;:&quot;1&quot;,&quot;custom_row_gap_tablet&quot;:{&quot;unit&quot;:&quot;px&quot;,&quot;size&quot;:&quot;&quot;,&quot;sizes&quot;:[]},&quot;custom_row_gap_mobile&quot;:{&quot;unit&quot;:&quot;px&quot;,&quot;size&quot;:&quot;&quot;,&quot;sizes&quot;:[]}}\" data-widget_type=\"posts.custom\">\n\t\t\t\t<div class=\"elementor-widget-container\">\n\t\t\t\t\t      <div class=\"ecs-posts elementor-posts-container elementor-posts   elementor-grid elementor-posts--skin-custom\" data-settings=\"{&quot;current_page&quot;:1,&quot;max_num_pages&quot;:3,&quot;load_method&quot;:&quot;&quot;,&quot;widget_id&quot;:&quot;ea20497&quot;,&quot;post_id&quot;:7906,&quot;theme_id&quot;:7906,&quot;change_url&quot;:false,&quot;reinit_js&quot;:false}\">\n      \t\t<article id=\"post-13408\" class=\"elementor-post elementor-grid-item ecs-post-loop post-13408 post type-post status-publish format-standard has-post-thumbnail hentry category-umweltstrafrecht tag--30-owig tag-bmjv tag-compliance tag-eu-richtlinie-2024-1203 tag-gefaehrdungsdelikt tag-nebenstrafrecht tag-oekosystem tag-produkthaftung tag-umweltkriminalitaet tag-umweltstrafrecht tag-umweltvertraeglichkeitspruefung tag-unternehmenssanktionen tag-uvp tag-verbandsgeldbusse tag-verwaltungsrechtsakzessorietaet person-jonathan-rueschendorf person-matthias-dann person-meike-hanisch\">\n\t\t\t\t<div data-elementor-type=\"loop\" data-elementor-id=\"5297\" class=\"elementor elementor-5297 post-13408 post type-post status-publish format-standard has-post-thumbnail hentry category-umweltstrafrecht tag--30-owig tag-bmjv tag-compliance tag-eu-richtlinie-2024-1203 tag-gefaehrdungsdelikt tag-nebenstrafrecht tag-oekosystem tag-produkthaftung tag-umweltkriminalitaet tag-umweltstrafrecht tag-umweltvertraeglichkeitspruefung tag-unternehmenssanktionen tag-uvp tag-verbandsgeldbusse tag-verwaltungsrechtsakzessorietaet person-jonathan-rueschendorf person-matthias-dann person-meike-hanisch\" data-elementor-post-type=\"elementor_library\">\n\t\t\t\t\t<section class=\"elementor-section elementor-top-section elementor-element elementor-element-ff7bcce elementor-section-full_width elementor-section-height-default elementor-section-height-default\" data-id=\"ff7bcce\" data-element_type=\"section\" data-e-type=\"section\">\n\t\t\t\t\t\t<div class=\"elementor-container elementor-column-gap-no\">\n\t\t\t\t\t<div class=\"elementor-column elementor-col-100 elementor-top-column elementor-element elementor-element-ee0bfb0\" data-id=\"ee0bfb0\" data-element_type=\"column\" data-e-type=\"column\">\n\t\t\t<div class=\"elementor-widget-wrap elementor-element-populated\">\n\t\t\t\t\t\t<section class=\"elementor-section elementor-inner-section elementor-element elementor-element-7ce9130 box-with-gradient elementor-section-full_width elementor-section-height-default elementor-section-height-default\" data-id=\"7ce9130\" data-element_type=\"section\" data-e-type=\"section\">\n\t\t\t\t\t\t<div class=\"elementor-container elementor-column-gap-default\">\n\t\t\t\t\t<div class=\"elementor-column elementor-col-100 elementor-inner-column elementor-element elementor-element-1633cab\" data-id=\"1633cab\" data-element_type=\"column\" data-e-type=\"column\">\n\t\t\t<div class=\"elementor-widget-wrap elementor-element-populated\">\n\t\t\t\t\t\t<div class=\"elementor-element elementor-element-530f580 elementor-widget elementor-widget-theme-post-featured-image elementor-widget-image\" data-id=\"530f580\" data-element_type=\"widget\" data-e-type=\"widget\" data-widget_type=\"theme-post-featured-image.default\">\n\t\t\t\t<div class=\"elementor-widget-container\">\n\t\t\t\t\t\t\t\t\t\t\t\t\t\t\t<img decoding=\"async\" width=\"1260\" height=\"765\" src=\"https:\/\/www.strafrecht.de\/wp-content\/uploads\/2026\/01\/iStock-1429688611-1360x765-1-1260x765.jpg\" class=\"attachment-landscape-1 size-landscape-1 wp-image-13409\" alt=\"\" \/>\t\t\t\t\t\t\t\t\t\t\t\t\t\t\t<\/div>\n\t\t\t\t<\/div>\n\t\t\t\t<div class=\"elementor-element elementor-element-2787f32 elementor-widget elementor-widget-heading\" data-id=\"2787f32\" data-element_type=\"widget\" data-e-type=\"widget\" data-widget_type=\"heading.default\">\n\t\t\t\t<div class=\"elementor-widget-container\">\n\t\t\t\t\t<h3 class=\"elementor-heading-title elementor-size-default\"><a href=\"https:\/\/www.unternehmensstrafrecht.de\/der-referentenentwurf-zur-reform-des-umweltstrafrechts-ist-da-ebenso-die-kritik-an-diesem\/\">Der Referentenentwurf zur Reform des Umweltstrafrechts ist da \u2013 ebenso die Kritik an diesem<\/a><\/h3>\t\t\t\t<\/div>\n\t\t\t\t<\/div>\n\t\t\t\t<div class=\"elementor-element elementor-element-714933f elementor-widget elementor-widget-text-editor\" data-id=\"714933f\" data-element_type=\"widget\" data-e-type=\"widget\" data-widget_type=\"text-editor.default\">\n\t\t\t\t<div class=\"elementor-widget-container\">\n\t\t\t\t\t\t\t\t\tAm 17.10.2025 hat das BMJV seinen Entwurf eines Gesetzes zur Umsetzung der Richtlinie (EU) 2024\/1203 \u00fcber den strafrechtlichen Schutz der Umwelt ver\u00f6ffentlicht.\t\t\t\t\t\t\t\t<\/div>\n\t\t\t\t<\/div>\n\t\t\t\t<div class=\"elementor-element elementor-element-b27ba54 elementor-widget elementor-widget-text-editor\" data-id=\"b27ba54\" data-element_type=\"widget\" data-e-type=\"widget\" data-widget_type=\"text-editor.default\">\n\t\t\t\t<div class=\"elementor-widget-container\">\n\t\t\t\t\t\t\t\t\tBlog\t\t\t\t\t\t\t\t<\/div>\n\t\t\t\t<\/div>\n\t\t\t\t<div class=\"elementor-element elementor-element-42b9e74 elementor-widget elementor-widget-image\" data-id=\"42b9e74\" data-element_type=\"widget\" data-e-type=\"widget\" data-widget_type=\"image.default\">\n\t\t\t\t<div class=\"elementor-widget-container\">\n\t\t\t\t\t\t\t\t\t\t\t\t\t\t\t<img loading=\"lazy\" decoding=\"async\" width=\"44\" height=\"44\" src=\"https:\/\/www.strafrecht.de\/wp-content\/uploads\/2021\/12\/link-blue.svg\" class=\"attachment-full size-full wp-image-398\" alt=\"\" \/>\t\t\t\t\t\t\t\t\t\t\t\t\t\t\t<\/div>\n\t\t\t\t<\/div>\n\t\t\t\t\t<\/div>\n\t\t<\/div>\n\t\t\t\t\t<\/div>\n\t\t<\/section>\n\t\t\t\t\t<\/div>\n\t\t<\/div>\n\t\t\t\t\t<\/div>\n\t\t<\/section>\n\t\t\t\t<\/div>\n\t\t\t\t<\/article>\n\t\t\t\t<article id=\"post-12784\" class=\"elementor-post elementor-grid-item ecs-post-loop post-12784 post type-post status-publish format-standard has-post-thumbnail hentry category-allgemeines-strafrecht category-umweltstrafrecht tag-betrug tag-bussgeld tag-esg tag-greenwashing tag-kapitalanlagebetrug tag-nachhaltigkeit tag-subventionsbetrug tag-umweltdelikte tag-umweltschutz tag-umweltstrafrecht person-meike-hanisch\">\n\t\t\t\t<div data-elementor-type=\"loop\" data-elementor-id=\"5297\" class=\"elementor elementor-5297 post-12784 post type-post status-publish format-standard has-post-thumbnail hentry category-allgemeines-strafrecht category-umweltstrafrecht tag-betrug tag-bussgeld tag-esg tag-greenwashing tag-kapitalanlagebetrug tag-nachhaltigkeit tag-subventionsbetrug tag-umweltdelikte tag-umweltschutz tag-umweltstrafrecht person-meike-hanisch\" data-elementor-post-type=\"elementor_library\">\n\t\t\t\t\t<section class=\"elementor-section elementor-top-section elementor-element elementor-element-ff7bcce elementor-section-full_width elementor-section-height-default elementor-section-height-default\" data-id=\"ff7bcce\" data-element_type=\"section\" data-e-type=\"section\">\n\t\t\t\t\t\t<div class=\"elementor-container elementor-column-gap-no\">\n\t\t\t\t\t<div class=\"elementor-column elementor-col-100 elementor-top-column elementor-element elementor-element-ee0bfb0\" data-id=\"ee0bfb0\" data-element_type=\"column\" data-e-type=\"column\">\n\t\t\t<div class=\"elementor-widget-wrap elementor-element-populated\">\n\t\t\t\t\t\t<section class=\"elementor-section elementor-inner-section elementor-element elementor-element-7ce9130 box-with-gradient elementor-section-full_width elementor-section-height-default elementor-section-height-default\" data-id=\"7ce9130\" data-element_type=\"section\" data-e-type=\"section\">\n\t\t\t\t\t\t<div class=\"elementor-container elementor-column-gap-default\">\n\t\t\t\t\t<div class=\"elementor-column elementor-col-100 elementor-inner-column elementor-element elementor-element-1633cab\" data-id=\"1633cab\" data-element_type=\"column\" data-e-type=\"column\">\n\t\t\t<div class=\"elementor-widget-wrap elementor-element-populated\">\n\t\t\t\t\t\t<div class=\"elementor-element elementor-element-530f580 elementor-widget elementor-widget-theme-post-featured-image elementor-widget-image\" data-id=\"530f580\" data-element_type=\"widget\" data-e-type=\"widget\" data-widget_type=\"theme-post-featured-image.default\">\n\t\t\t\t<div class=\"elementor-widget-container\">\n\t\t\t\t\t\t\t\t\t\t\t\t\t\t\t<img loading=\"lazy\" decoding=\"async\" width=\"1260\" height=\"780\" src=\"https:\/\/www.strafrecht.de\/wp-content\/uploads\/2025\/07\/iStock-1401878827-1260x780.jpg\" class=\"attachment-landscape-1 size-landscape-1 wp-image-12785\" alt=\"\" \/>\t\t\t\t\t\t\t\t\t\t\t\t\t\t\t<\/div>\n\t\t\t\t<\/div>\n\t\t\t\t<div class=\"elementor-element elementor-element-2787f32 elementor-widget elementor-widget-heading\" data-id=\"2787f32\" data-element_type=\"widget\" data-e-type=\"widget\" data-widget_type=\"heading.default\">\n\t\t\t\t<div class=\"elementor-widget-container\">\n\t\t\t\t\t<h3 class=\"elementor-heading-title elementor-size-default\"><a href=\"https:\/\/www.unternehmensstrafrecht.de\/greenwashing-im-visier-strafrechtliche-risiken-im-zusammenhang-mit-nachhaltigkeitsaussagen\/\">Greenwashing im Visier: Strafrechtliche Risiken im Zusammenhang mit Nachhaltigkeitsaussagen<\/a><\/h3>\t\t\t\t<\/div>\n\t\t\t\t<\/div>\n\t\t\t\t<div class=\"elementor-element elementor-element-714933f elementor-widget elementor-widget-text-editor\" data-id=\"714933f\" data-element_type=\"widget\" data-e-type=\"widget\" data-widget_type=\"text-editor.default\">\n\t\t\t\t<div class=\"elementor-widget-container\">\n\t\t\t\t\t\t\t\t\tAm 2. April 2025 hat die Staatsanwaltschaft verk\u00fcndet: Wegen Greenwashing muss Deutschlands gr\u00f6\u00dfte Fondsgesellschaft 25 Millionen Euro Strafe zahlen. \t\t\t\t\t\t\t\t<\/div>\n\t\t\t\t<\/div>\n\t\t\t\t<div class=\"elementor-element elementor-element-b27ba54 elementor-widget elementor-widget-text-editor\" data-id=\"b27ba54\" data-element_type=\"widget\" data-e-type=\"widget\" data-widget_type=\"text-editor.default\">\n\t\t\t\t<div class=\"elementor-widget-container\">\n\t\t\t\t\t\t\t\t\tBlog\t\t\t\t\t\t\t\t<\/div>\n\t\t\t\t<\/div>\n\t\t\t\t<div class=\"elementor-element elementor-element-42b9e74 elementor-widget elementor-widget-image\" data-id=\"42b9e74\" data-element_type=\"widget\" data-e-type=\"widget\" data-widget_type=\"image.default\">\n\t\t\t\t<div class=\"elementor-widget-container\">\n\t\t\t\t\t\t\t\t\t\t\t\t\t\t\t<img loading=\"lazy\" decoding=\"async\" width=\"44\" height=\"44\" src=\"https:\/\/www.strafrecht.de\/wp-content\/uploads\/2021\/12\/link-blue.svg\" class=\"attachment-full size-full wp-image-398\" alt=\"\" \/>\t\t\t\t\t\t\t\t\t\t\t\t\t\t\t<\/div>\n\t\t\t\t<\/div>\n\t\t\t\t\t<\/div>\n\t\t<\/div>\n\t\t\t\t\t<\/div>\n\t\t<\/section>\n\t\t\t\t\t<\/div>\n\t\t<\/div>\n\t\t\t\t\t<\/div>\n\t\t<\/section>\n\t\t\t\t<\/div>\n\t\t\t\t<\/article>\n\t\t\t\t<\/div>\n\t\t\t\t\t\t<\/div>\n\t\t\t\t<\/div>\n\t\t\t\t\t<\/div>\n\t\t<\/div>\n\t\t\t\t\t<\/div>\n\t\t<\/section>\n\t\t\t\t<\/div>\n\t\t","protected":false},"excerpt":{"rendered":"<p>Umweltschutz nimmt seit Jahren einen immer wichtigeren Teil in der gesellschaftlichen Diskussion ein. Das Bewusstsein f\u00fcr den Schutz der Umwelt w\u00e4chst. Und dies hat auch<\/p>\n","protected":false},"author":5,"featured_media":0,"parent":0,"menu_order":0,"comment_status":"closed","ping_status":"closed","template":"","meta":{"_acf_changed":false,"footnotes":""},"class_list":["post-7906","page","type-page","status-publish","hentry"],"acf":[],"yoast_head":"<!-- This site is optimized with the Yoast SEO Premium plugin v26.1 (Yoast SEO v27.5) - https:\/\/yoast.com\/product\/yoast-seo-premium-wordpress\/ -->\n<title>Umweltstrafrecht | Wessing &amp; Partner<\/title>\n<meta name=\"description\" content=\"Hier beraten wir zu Compliance, begleiten Unternehmen in Ermittlungs- und Strafverfahren und \u00fcbernehmen die Verteidigung von Einzelpersonen.\" \/>\n<meta name=\"robots\" content=\"index, follow, max-snippet:-1, max-image-preview:large, max-video-preview:-1\" \/>\n<link rel=\"canonical\" href=\"https:\/\/www.strafrecht.de\/de\/umweltstrafrecht\/\" \/>\n<meta property=\"og:locale\" content=\"de_DE\" \/>\n<meta property=\"og:type\" content=\"article\" \/>\n<meta property=\"og:title\" content=\"Umweltstrafrecht\" \/>\n<meta property=\"og:description\" content=\"Hier beraten wir zu Compliance, begleiten Unternehmen in Ermittlungs- und Strafverfahren und \u00fcbernehmen die Verteidigung von Einzelpersonen.\" \/>\n<meta property=\"og:url\" content=\"https:\/\/www.strafrecht.de\/de\/umweltstrafrecht\/\" \/>\n<meta property=\"og:site_name\" content=\"Wessing &amp; Partner\" \/>\n<meta property=\"article:modified_time\" content=\"2025-02-13T11:19:20+00:00\" \/>\n<meta property=\"og:image\" content=\"https:\/\/www.strafrecht.de\/wp-content\/uploads\/2023\/05\/2023_crf_WUP_9170_LoRes-e1683714169338.jpg\" \/>\n\t<meta property=\"og:image:width\" content=\"2087\" \/>\n\t<meta property=\"og:image:height\" content=\"1212\" \/>\n\t<meta property=\"og:image:type\" content=\"image\/jpeg\" \/>\n<meta name=\"twitter:card\" content=\"summary_large_image\" \/>\n<meta name=\"twitter:label1\" content=\"Gesch\u00e4tzte Lesezeit\" \/>\n\t<meta name=\"twitter:data1\" content=\"5\u00a0Minuten\" \/>\n<script type=\"application\/ld+json\" class=\"yoast-schema-graph\">{\"@context\":\"https:\\\/\\\/schema.org\",\"@graph\":[{\"@type\":\"WebPage\",\"@id\":\"https:\\\/\\\/www.strafrecht.de\\\/de\\\/umweltstrafrecht\\\/\",\"url\":\"https:\\\/\\\/www.strafrecht.de\\\/de\\\/umweltstrafrecht\\\/\",\"name\":\"Umweltstrafrecht | Wessing & Partner\",\"isPartOf\":{\"@id\":\"https:\\\/\\\/www.strafrecht.de\\\/de\\\/#website\"},\"primaryImageOfPage\":{\"@id\":\"https:\\\/\\\/www.strafrecht.de\\\/de\\\/umweltstrafrecht\\\/#primaryimage\"},\"image\":{\"@id\":\"https:\\\/\\\/www.strafrecht.de\\\/de\\\/umweltstrafrecht\\\/#primaryimage\"},\"thumbnailUrl\":\"https:\\\/\\\/www.strafrecht.de\\\/wp-content\\\/uploads\\\/2023\\\/05\\\/2023_crf_WUP_9170_LoRes-e1683714169338-1580x780.jpg\",\"datePublished\":\"2022-01-10T20:33:11+00:00\",\"dateModified\":\"2025-02-13T11:19:20+00:00\",\"description\":\"Hier beraten wir zu Compliance, begleiten Unternehmen in Ermittlungs- und Strafverfahren und \u00fcbernehmen die Verteidigung von Einzelpersonen.\",\"breadcrumb\":{\"@id\":\"https:\\\/\\\/www.strafrecht.de\\\/de\\\/umweltstrafrecht\\\/#breadcrumb\"},\"inLanguage\":\"de\",\"potentialAction\":[{\"@type\":\"ReadAction\",\"target\":[\"https:\\\/\\\/www.strafrecht.de\\\/de\\\/umweltstrafrecht\\\/\"]}]},{\"@type\":\"ImageObject\",\"inLanguage\":\"de\",\"@id\":\"https:\\\/\\\/www.strafrecht.de\\\/de\\\/umweltstrafrecht\\\/#primaryimage\",\"url\":\"https:\\\/\\\/www.strafrecht.de\\\/wp-content\\\/uploads\\\/2023\\\/05\\\/2023_crf_WUP_9170_LoRes-e1683714169338-1580x780.jpg\",\"contentUrl\":\"https:\\\/\\\/www.strafrecht.de\\\/wp-content\\\/uploads\\\/2023\\\/05\\\/2023_crf_WUP_9170_LoRes-e1683714169338-1580x780.jpg\"},{\"@type\":\"BreadcrumbList\",\"@id\":\"https:\\\/\\\/www.strafrecht.de\\\/de\\\/umweltstrafrecht\\\/#breadcrumb\",\"itemListElement\":[{\"@type\":\"ListItem\",\"position\":1,\"name\":\"Startseite\",\"item\":\"https:\\\/\\\/www.strafrecht.de\\\/de\\\/\"},{\"@type\":\"ListItem\",\"position\":2,\"name\":\"Umweltstrafrecht\"}]},{\"@type\":\"WebSite\",\"@id\":\"https:\\\/\\\/www.strafrecht.de\\\/de\\\/#website\",\"url\":\"https:\\\/\\\/www.strafrecht.de\\\/de\\\/\",\"name\":\"Wessing &amp; Partner\",\"description\":\"Strafrecht nach allen Regeln der Kunst.\",\"potentialAction\":[{\"@type\":\"SearchAction\",\"target\":{\"@type\":\"EntryPoint\",\"urlTemplate\":\"https:\\\/\\\/www.strafrecht.de\\\/de\\\/?s={search_term_string}\"},\"query-input\":{\"@type\":\"PropertyValueSpecification\",\"valueRequired\":true,\"valueName\":\"search_term_string\"}}],\"inLanguage\":\"de\"}]}<\/script>\n<!-- \/ Yoast SEO Premium plugin. -->","yoast_head_json":{"title":"Umweltstrafrecht | Wessing & Partner","description":"Hier beraten wir zu Compliance, begleiten Unternehmen in Ermittlungs- und Strafverfahren und \u00fcbernehmen die Verteidigung von Einzelpersonen.","robots":{"index":"index","follow":"follow","max-snippet":"max-snippet:-1","max-image-preview":"max-image-preview:large","max-video-preview":"max-video-preview:-1"},"canonical":"https:\/\/www.strafrecht.de\/de\/umweltstrafrecht\/","og_locale":"de_DE","og_type":"article","og_title":"Umweltstrafrecht","og_description":"Hier beraten wir zu Compliance, begleiten Unternehmen in Ermittlungs- und Strafverfahren und \u00fcbernehmen die Verteidigung von Einzelpersonen.","og_url":"https:\/\/www.strafrecht.de\/de\/umweltstrafrecht\/","og_site_name":"Wessing &amp; Partner","article_modified_time":"2025-02-13T11:19:20+00:00","og_image":[{"width":2087,"height":1212,"url":"https:\/\/www.strafrecht.de\/wp-content\/uploads\/2023\/05\/2023_crf_WUP_9170_LoRes-e1683714169338.jpg","type":"image\/jpeg"}],"twitter_card":"summary_large_image","twitter_misc":{"Gesch\u00e4tzte Lesezeit":"5\u00a0Minuten"},"schema":{"@context":"https:\/\/schema.org","@graph":[{"@type":"WebPage","@id":"https:\/\/www.strafrecht.de\/de\/umweltstrafrecht\/","url":"https:\/\/www.strafrecht.de\/de\/umweltstrafrecht\/","name":"Umweltstrafrecht | Wessing & Partner","isPartOf":{"@id":"https:\/\/www.strafrecht.de\/de\/#website"},"primaryImageOfPage":{"@id":"https:\/\/www.strafrecht.de\/de\/umweltstrafrecht\/#primaryimage"},"image":{"@id":"https:\/\/www.strafrecht.de\/de\/umweltstrafrecht\/#primaryimage"},"thumbnailUrl":"https:\/\/www.strafrecht.de\/wp-content\/uploads\/2023\/05\/2023_crf_WUP_9170_LoRes-e1683714169338-1580x780.jpg","datePublished":"2022-01-10T20:33:11+00:00","dateModified":"2025-02-13T11:19:20+00:00","description":"Hier beraten wir zu Compliance, begleiten Unternehmen in Ermittlungs- und Strafverfahren und \u00fcbernehmen die Verteidigung von Einzelpersonen.","breadcrumb":{"@id":"https:\/\/www.strafrecht.de\/de\/umweltstrafrecht\/#breadcrumb"},"inLanguage":"de","potentialAction":[{"@type":"ReadAction","target":["https:\/\/www.strafrecht.de\/de\/umweltstrafrecht\/"]}]},{"@type":"ImageObject","inLanguage":"de","@id":"https:\/\/www.strafrecht.de\/de\/umweltstrafrecht\/#primaryimage","url":"https:\/\/www.strafrecht.de\/wp-content\/uploads\/2023\/05\/2023_crf_WUP_9170_LoRes-e1683714169338-1580x780.jpg","contentUrl":"https:\/\/www.strafrecht.de\/wp-content\/uploads\/2023\/05\/2023_crf_WUP_9170_LoRes-e1683714169338-1580x780.jpg"},{"@type":"BreadcrumbList","@id":"https:\/\/www.strafrecht.de\/de\/umweltstrafrecht\/#breadcrumb","itemListElement":[{"@type":"ListItem","position":1,"name":"Startseite","item":"https:\/\/www.strafrecht.de\/de\/"},{"@type":"ListItem","position":2,"name":"Umweltstrafrecht"}]},{"@type":"WebSite","@id":"https:\/\/www.strafrecht.de\/de\/#website","url":"https:\/\/www.strafrecht.de\/de\/","name":"Wessing &amp; Partner","description":"Strafrecht nach allen Regeln der Kunst.","potentialAction":[{"@type":"SearchAction","target":{"@type":"EntryPoint","urlTemplate":"https:\/\/www.strafrecht.de\/de\/?s={search_term_string}"},"query-input":{"@type":"PropertyValueSpecification","valueRequired":true,"valueName":"search_term_string"}}],"inLanguage":"de"}]}},"jetpack_sharing_enabled":true,"_links":{"self":[{"href":"https:\/\/www.strafrecht.de\/de\/wp-json\/wp\/v2\/pages\/7906","targetHints":{"allow":["GET"]}}],"collection":[{"href":"https:\/\/www.strafrecht.de\/de\/wp-json\/wp\/v2\/pages"}],"about":[{"href":"https:\/\/www.strafrecht.de\/de\/wp-json\/wp\/v2\/types\/page"}],"author":[{"embeddable":true,"href":"https:\/\/www.strafrecht.de\/de\/wp-json\/wp\/v2\/users\/5"}],"replies":[{"embeddable":true,"href":"https:\/\/www.strafrecht.de\/de\/wp-json\/wp\/v2\/comments?post=7906"}],"version-history":[{"count":40,"href":"https:\/\/www.strafrecht.de\/de\/wp-json\/wp\/v2\/pages\/7906\/revisions"}],"predecessor-version":[{"id":12516,"href":"https:\/\/www.strafrecht.de\/de\/wp-json\/wp\/v2\/pages\/7906\/revisions\/12516"}],"wp:attachment":[{"href":"https:\/\/www.strafrecht.de\/de\/wp-json\/wp\/v2\/media?parent=7906"}],"curies":[{"name":"wp","href":"https:\/\/api.w.org\/{rel}","templated":true}]}}